{"id":4396,"date":"2022-07-23T17:31:49","date_gmt":"2022-07-23T17:31:49","guid":{"rendered":"http:\/\/www.mairie-poncey-les-athee.fr\/?page_id=4396"},"modified":"2026-04-13T15:17:13","modified_gmt":"2026-04-13T15:17:13","slug":"entrepreneurs-et-artisans","status":"publish","type":"page","link":"https:\/\/www.mairie-poncey-les-athee.fr\/?page_id=4396","title":{"rendered":"Entrepreneurs, Commer\u00e7ants et Artisans du Village"},"content":{"rendered":"<p><a href=\"https:\/\/www.mairie-poncey-les-athee.fr\/wp-content\/uploads\/logo-artisans-commercants.png\" target=\"_blank\" rel=\"noopener\"><img loading=\"lazy\" decoding=\"async\" class=\"aligncenter wp-image-5137 size-medium\" src=\"https:\/\/www.mairie-poncey-les-athee.fr\/wp-content\/uploads\/logo-artisans-commercants-300x219.png\" alt=\"Logo artisans comm.\" width=\"300\" height=\"219\" srcset=\"https:\/\/www.mairie-poncey-les-athee.fr\/wp-content\/uploads\/logo-artisans-commercants-300x219.png 300w, https:\/\/www.mairie-poncey-les-athee.fr\/wp-content\/uploads\/logo-artisans-commercants.png 500w\" sizes=\"auto, (max-width: 300px) 100vw, 300px\" \/><\/a><\/p>\n<p><!--more--><\/p>\n<p><span style=\"color: #0000ff;\">ATELIER DE CORDONNERIE\u00a0<\/span> \u00a0 \u00a0 \u00a0 \u00a0 \u00a0 \u00a0 \u00a0 \u00a0 \u00a0 \u00a0 \u00a0 \u00a0 \u00a0 \u00a0 \u00a0 \u00a0 \u00a0 \u00a0 \u00a0 \u00a0 \u00a0 \u00a0 \u00a0 \u00a0 \u00a0 \u00a0 \u00a0 \u00a0 \u00a0 \u00a0 \u00a0 \u00a0 \u00a0 \u00a0 \u00a0 \u00a0 \u00a0 \u00a0<span style=\"color: #0000ff;\"> \u00a0MICHEL SEGUIN APICULTURE<\/span><br \/>\n16 grande rue\u00a0 \u00a0 \u00a0 \u00a0 \u00a0 \u00a0 \u00a0 \u00a0 \u00a0 \u00a0 \u00a0 \u00a0 \u00a0 \u00a0 \u00a0 \u00a0 \u00a0 \u00a0 \u00a0 \u00a0 \u00a0 \u00a0 \u00a0 \u00a0 \u00a0 \u00a0 \u00a0 \u00a0 \u00a0 \u00a0 \u00a0 \u00a0 \u00a0 \u00a0 \u00a0 \u00a0 \u00a0 \u00a0 \u00a0 \u00a0 \u00a0 \u00a0 \u00a0 \u00a0 \u00a0 \u00a0 \u00a0 \u00a0 \u00a0 \u00a0 \u00a0 \u00a0 \u00a0 \u00a0 \u00a0 \u00a0 \u00a0 \u00a0 \u00a0 \u00a0 \u00a0 \u00a0 \u00a0 \u00a0 2 rue Saint M\u00e9dard<br \/>\n06 29 31 09 52\u00a0 \u00a0 \u00a0 \u00a0 \u00a0 \u00a0 \u00a0 \u00a0 \u00a0 \u00a0 \u00a0 \u00a0 \u00a0 \u00a0 \u00a0 \u00a0 \u00a0 \u00a0 \u00a0 \u00a0 \u00a0 \u00a0 \u00a0 \u00a0 \u00a0 \u00a0 \u00a0 \u00a0 \u00a0 \u00a0 \u00a0 \u00a0 \u00a0 \u00a0 \u00a0 \u00a0 \u00a0 \u00a0 \u00a0 \u00a0 \u00a0 \u00a0 \u00a0 \u00a0 \u00a0 \u00a0 \u00a0 \u00a0 \u00a0 \u00a0 \u00a0 \u00a0 \u00a0 \u00a0 \u00a0 \u00a0 \u00a0 \u00a0 \u00a0 \u00a0 \u00a0 \u00a0 \u00a0 \u00a0 \u00a0 03 79 36 19 16<\/p>\n<p><span style=\"color: #0000ff;\">AU CAPRICE DU LOUP<\/span>\u00a0 \u00a0 \u00a0 \u00a0 \u00a0 \u00a0 \u00a0 \u00a0 \u00a0 \u00a0 \u00a0 \u00a0 \u00a0 \u00a0 \u00a0 \u00a0 \u00a0 \u00a0 \u00a0 \u00a0 \u00a0 \u00a0 \u00a0 \u00a0 \u00a0 \u00a0 \u00a0 \u00a0 \u00a0 \u00a0 \u00a0 \u00a0 \u00a0 \u00a0 \u00a0 \u00a0 \u00a0 \u00a0 \u00a0 \u00a0 \u00a0<span style=\"color: #0000ff;\"> J.G. PHOTOGRAPHIES &amp; IMPRESSIONS<\/span> \u00a0Fromages Fermiers Pur Ch\u00e8vre\u00a0 \u00a0 \u00a0 \u00a0 \u00a0 \u00a0 \u00a0 \u00a0 \u00a0 \u00a0 \u00a0 \u00a0 \u00a0 \u00a0 \u00a0 \u00a0 \u00a0 \u00a0 \u00a0 \u00a0 \u00a0 \u00a0 \u00a0 \u00a0 \u00a0 \u00a0 \u00a0 \u00a0 \u00a0 \u00a0 \u00a0 \u00a0 \u00a0 \u00a0 \u00a0 \u00a0 \u00a0 \u00a0Jos\u00e9 Goulart 19 rue Bourgalain<br \/>\nPetite rue Communale\u00a0 \u00a0 \u00a0 \u00a0 \u00a0 \u00a0 \u00a0 \u00a0 \u00a0 \u00a0 \u00a0 \u00a0 \u00a0 \u00a0 \u00a0 \u00a0 \u00a0 \u00a0 \u00a0 \u00a0 \u00a0 \u00a0 \u00a0 \u00a0 \u00a0 \u00a0 \u00a0 \u00a0 \u00a0 \u00a0 \u00a0 \u00a0 \u00a0 \u00a0 \u00a0 \u00a0 \u00a0 \u00a0 \u00a0 \u00a0 \u00a0 \u00a0 \u00a0 \u00a0 \u00a0 \u00a0 \u00a0 \u00a0 \u00a0 \u00a0 \u00a0 \u00a0www.jg-photographies.fr<br \/>\n06 06 81 96 50\u00a0 \u00a0 \u00a0 \u00a0 \u00a0 \u00a0 \u00a0 \u00a0 \u00a0 \u00a0 \u00a0 \u00a0 \u00a0 \u00a0 \u00a0 \u00a0 \u00a0 \u00a0 \u00a0 \u00a0 \u00a0 \u00a0 \u00a0 \u00a0 \u00a0 \u00a0 \u00a0 \u00a0 \u00a0 \u00a0 \u00a0 \u00a0 \u00a0 \u00a0 \u00a0 \u00a0 \u00a0 \u00a0 \u00a0 \u00a0 \u00a0 \u00a0 \u00a0 \u00a0 \u00a0 \u00a0 \u00a0 \u00a0 \u00a0 \u00a0 \u00a0 \u00a0 \u00a0 \u00a0 \u00a0 \u00a0 \u00a0 \u00a0 \u00a0 \u00a0 \u00a0 \u00a0 \u00a0 \u00a0 \u00a006 35 95 43 92<\/p>\n<p><span style=\"color: #0000ff;\">EXPLOITATION Foresti\u00e8re PENSIER<\/span>\u00a0 \u00a0 \u00a0 \u00a0 \u00a0 \u00a0 \u00a0 \u00a0 \u00a0 \u00a0 \u00a0 \u00a0 \u00a0 \u00a0 \u00a0 \u00a0 \u00a0 \u00a0 \u00a0 \u00a0 \u00a0 \u00a0 \u00a0 \u00a0 \u00a0 \u00a0 \u00a0 \u00a0 \u00a0 \u00a0 \u00a0 \u00a0 <span style=\"color: #0000ff;\">CHRIST&rsquo;AUTOMOBILE\u00a0 <\/span> \u00a0 \u00a0 \u00a0 \u00a0 \u00a0 \u00a0 \u00a0<span style=\"color: #0000ff;\">\u00a0<\/span><br \/>\nDavid Pensier\u00a0 \u00a0 \u00a0 \u00a0 \u00a0 \u00a0 \u00a0 \u00a0 \u00a0 \u00a0 \u00a0 \u00a0 \u00a0 \u00a0 \u00a0 \u00a0 \u00a0 \u00a0 \u00a0 \u00a0 \u00a0 \u00a0 \u00a0 \u00a0 \u00a0 \u00a0 \u00a0 \u00a0 \u00a0 \u00a0 \u00a0 \u00a0 \u00a0 \u00a0 \u00a0 \u00a0 \u00a0 \u00a0 \u00a0 \u00a0 <span style=\"color: #0000ff;\"><span style=\"color: #333333;\">Entretien, nettoyage et r\u00e9paration de tous v\u00e9hicules\u00a0<\/span><\/span><br \/>\n1 rue du Buisson Br\u00fbl\u00e9\u00a0 \u00a0 \u00a0 \u00a0 \u00a0 \u00a0 \u00a0 \u00a0 \u00a0 \u00a0 \u00a0 \u00a0 \u00a0 \u00a0 \u00a0 \u00a0 \u00a0 \u00a0 \u00a0 \u00a0 \u00a0 \u00a0 \u00a0 \u00a0 \u00a0 \u00a0 \u00a0 \u00a0 \u00a0 \u00a0 \u00a0 \u00a0 \u00a0 \u00a0 \u00a0 \u00a0 <span style=\"color: #0000ff;\"><span style=\"color: #333333;\">Christopher Chignard\u00a0 10 rue Lamotte<\/span><\/span><br \/>\n03 80 47 19 37\u00a0 \u00a0 \u00a0 \u00a0 \u00a0 \u00a0 \u00a0 \u00a0 \u00a0 \u00a0 \u00a0 \u00a0 \u00a0 \u00a0 \u00a0 \u00a0 \u00a0 \u00a0 \u00a0 \u00a0 \u00a0 \u00a0 \u00a0 \u00a0 \u00a0 \u00a0 \u00a0 \u00a0 \u00a0 \u00a0 \u00a0 \u00a0 \u00a0 \u00a0 \u00a0 \u00a0 \u00a0 \u00a0 christautomobile21130<span style=\"color: #0000ff;\"><span style=\"color: #333333;\">@gmail.com\u00a0 \u00a006 76 32 19 30<\/span><\/span><\/p>\n<p><span style=\"color: #0000ff;\">\u00a0<\/span><span style=\"color: #0000ff;\">STEF ANGEL\u00a0 \u00a0 <span style=\"color: #000000;\">\u00a0 \u00a0 \u00a0 \u00a0 \u00a0 \u00a0 \u00a0 \u00a0 \u00a0 \u00a0 \u00a0 \u00a0 \u00a0 \u00a0 \u00a0 \u00a0 \u00a0 \u00a0 \u00a0 \u00a0 \u00a0 \u00a0 \u00a0 \u00a0 \u00a0 \u00a0 \u00a0 \u00a0 \u00a0 \u00a0 \u00a0 \u00a0 \u00a0 \u00a0 \u00a0 \u00a0 \u00a0 \u00a0 \u00a0 \u00a0 \u00a0 \u00a0 \u00a0 \u00a0 \u00a0 \u00a0 \u00a0 \u00a0 \u00a0 \u00a0 \u00a0 \u00a0 \u00a0 \u00a0 \u00a0 \u00a0 \u00a0 \u00a0 \u00a0 <span style=\"color: #0000ff;\">BASSET TRAITEUR<\/span>\u00a0 \u00a0 \u00a0 \u00a0 \u00a0 \u00a0 \u00a0 \u00a0 \u00a0 \u00a0 \u00a0 \u00a0 \u00a0 \u00a0 \u00a0 \u00a0 \u00a0 \u00a0 <\/span><\/span><span style=\"color: #0000ff;\"><span style=\"color: #000000;\">Ang\u00e9lique Seguin 3 rue du Trouvot\u00a0 \u00a0 \u00a0 \u00a0 \u00a0 \u00a0 \u00a0 \u00a0 \u00a0 \u00a0 \u00a0 \u00a0 \u00a0 \u00a0 \u00a0 \u00a0 \u00a0 \u00a0 \u00a0 \u00a0 \u00a0 \u00a0 \u00a0 \u00a0 \u00a0 \u00a0 \u00a0 \u00a0 \u00a0 \u00a0 \u00a0 \u00a0 \u00a0 \u00a0 \u00a0 \u00a0 \u00a0 \u00a0 \u00a0 \u00a0Bernard Basset<br \/>\nPersonnalisation d&rsquo;objets et de stickers\u00a0 \u00a0 \u00a0 \u00a0 \u00a0 \u00a0 \u00a0 \u00a0 \u00a0 \u00a0 \u00a0 \u00a0 \u00a0 \u00a0 \u00a0 \u00a0 \u00a0 \u00a0 \u00a0 \u00a0 \u00a0 \u00a0 \u00a0 \u00a0 \u00a0 \u00a0 \u00a0 \u00a0 \u00a0 \u00a0 \u00a0 \u00a0 \u00a0 \u00a0 \u00a04 ruelle Baudry\u00a0 \u00a0 \u00a0 \u00a0 \u00a0 \u00a0 \u00a0 \u00a0 \u00a0 \u00a0 \u00a0 \u00a0 \u00a0 \u00a0 \u00a0 \u00a0 \u00a0 \u00a0 \u00a0 \u00a0 \u00a0 Facebook: Stefangel Seguin\u00a0 07 62 68 61 62\u00a0 \u00a0 \u00a0 \u00a0 \u00a0 \u00a0 \u00a0 \u00a0 \u00a0 \u00a0 \u00a0 \u00a0 \u00a0 \u00a0 \u00a0 \u00a0 \u00a0 \u00a0 \u00a0 \u00a0 \u00a0 \u00a0 \u00a0 \u00a0 \u00a0 \u00a0 \u00a0 \u00a0 \u00a0 \u00a006 73 14 26 00\u00a0 \u00a0 \u00a0 \u00a0 \u00a0 \u00a0 \u00a0 \u00a0 \u00a0 \u00a0 \u00a0 \u00a0 \u00a0 \u00a0 \u00a0 \u00a0 \u00a0 \u00a0 \u00a0 \u00a0 \u00a0 \u00a0 \u00a0 \u00a0 \u00a0 \u00a0 \u00a0 \u00a0 \u00a0 \u00a0 \u00a0 \u00a0 \u00a0 \u00a0 \u00a0 \u00a0 \u00a0 \u00a0 \u00a0 \u00a0 \u00a0 \u00a0 \u00a0 \u00a0 \u00a0 \u00a0 \u00a0 \u00a0 \u00a0 \u00a0 \u00a0 \u00a0 \u00a0 \u00a0 \u00a0 \u00a0 \u00a0 \u00a0 \u00a0 \u00a0 \u00a0 \u00a0 \u00a0 \u00a0 \u00a0 \u00a0 \u00a0 \u00a0 \u00a0 \u00a0 \u00a0 \u00a0 \u00a0 \u00a0 \u00a0 \u00a0 \u00a0 \u00a0 \u00a0 \u00a0 \u00a0 \u00a0 \u00a0 \u00a0 \u00a0 \u00a0 \u00a0 \u00a0 \u00a0 \u00a0 \u00a0 \u00a0 \u00a0 \u00a0 \u00a0 \u00a0 \u00a0 \u00a0 \u00a0 \u00a0 \u00a0 \u00a0 \u00a0 \u00a0 \u00a0 \u00a0 \u00a0 \u00a0 \u00a0 \u00a0 \u00a0 \u00a0 \u00a0 \u00a0 \u00a0 \u00a0 \u00a0 \u00a0 \u00a0 \u00a0 \u00a0 \u00a0 \u00a0 \u00a0 \u00a0 \u00a0 \u00a0 \u00a0 \u00a0 \u00a0 \u00a0 \u00a0 \u00a0 \u00a0 \u00a0 \u00a0 \u00a0 <\/span><\/span><span style=\"color: #0000ff;\">ELECTRICITE GENERALE\u00a0<\/span>\u00a0 \u00a0 \u00a0 \u00a0 \u00a0 \u00a0 \u00a0 \u00a0 \u00a0 \u00a0 \u00a0 \u00a0 \u00a0 \u00a0 \u00a0 \u00a0 \u00a0 \u00a0 \u00a0 \u00a0 \u00a0 \u00a0 \u00a0 \u00a0 \u00a0 \u00a0 \u00a0 \u00a0 \u00a0 \u00a0 \u00a0 \u00a0 \u00a0 \u00a0 \u00a0 \u00a0 \u00a0 \u00a0 \u00a0 \u00a0 \u00a0 <span style=\"color: #0000ff;\">RADICELLES ET COTYLEDONS\u00a0 \u00a0 \u00a0 \u00a0 \u00a0 \u00a0\u00a0<\/span><br \/>\n<span style=\"color: #0000ff;\">&amp; Courants Faibles<\/span>\u00a0 \u00a0 03 80 28 36 00\u00a0 \u00a0 \u00a0 \u00a0 \u00a0 \u00a0 \u00a0 \u00a0 \u00a0 \u00a0 \u00a0 \u00a0 \u00a0 \u00a0 \u00a0 \u00a0 \u00a0 \u00a0 \u00a0 \u00a0 \u00a0 \u00a0 \u00a0 \u00a0 \u00a0 \u00a0 \u00a0 \u00a0 \u00a0Production de Plants de L\u00e9gumes Bio<br \/>\nDavid Dullier\u00a0 \u00a0 5a rue du Puits Gras\u00a0 \u00a0 \u00a0 \u00a0 \u00a0 \u00a0 \u00a0 \u00a0 \u00a0 \u00a0 \u00a0 \u00a0 \u00a0 \u00a0 \u00a0 \u00a0 \u00a0 \u00a0 \u00a0 \u00a0 \u00a0 \u00a0 \u00a0Julie Krawezinski\u00a0 Route D\u00e9partementale 976\u00a0 \u00a0 \u00a0 2d.telecom@orange.fr\u00a0 \u00a0 06 40 92 06 93\u00a0 \u00a0 \u00a0 \u00a0 \u00a0 \u00a0 \u00a0 \u00a0 \u00a0 \u00a0 \u00a0 \u00a0 \u00a0 \u00a0 \u00a0 \u00a0 \u00a0 \u00a0 \u00a0 \u00a0 \u00a0 \u00a0 \u00a0 \u00a0 \u00a0 \u00a0 \u00a0 \u00a0 \u00a0 \u00a0 \u00a0 \u00a0 \u00a0 \u00a0 \u00a0 \u00a006 79 58 07 60<\/p>\n<p><span style=\"color: #0000ff;\">LA MAISON DES P&rsquo;TITS BONHEURS\u00a0<\/span>\u00a0 \u00a0 \u00a0 \u00a0 \u00a0 \u00a0 \u00a0 \u00a0 \u00a0 \u00a0 \u00a0 \u00a0 \u00a0 \u00a0 \u00a0 \u00a0 \u00a0 \u00a0 \u00a0 \u00a0 \u00a0 \u00a0 \u00a0 \u00a0 \u00a0 \u00a0 \u00a0 \u00a0<span style=\"color: #0000ff;\">PEINTURE, VITRERIE, REVETEMENTS<\/span><br \/>\nMaison d&rsquo;assistantes Maternelles\u00a0 \u00a0 \u00a0 \u00a0 \u00a0 \u00a0 \u00a0 \u00a0 \u00a0 \u00a0 \u00a0 \u00a0 \u00a0 \u00a0 \u00a0 \u00a0 \u00a0 \u00a0 \u00a0 \u00a0 \u00a0 \u00a0 \u00a0 \u00a0 \u00a0 \u00a0 \u00a0 \u00a0 \u00a0 \u00a0 \u00a0 \u00a0 \u00a0 \u00a0 <span style=\"color: #0000ff;\">\u00a0 \u00a0 \u00a0 \u00a0 \u00a0 \u00a0 \u00a0 \u00a0 \u00a0 \u00a0 \u00a0 \u00a0 &amp; SOLS<\/span><br \/>\nC\u00e9line Bertaut\u00a0 \u00a0 \u00a0 \u00a0 \u00a0 \u00a0 \u00a0 \u00a0 \u00a0 \u00a0 \u00a0 \u00a0 \u00a0 \u00a0 \u00a0 \u00a0 \u00a0 \u00a0 \u00a0 \u00a0 \u00a0 \u00a0 \u00a0 \u00a0 \u00a0 \u00a0 \u00a0 \u00a0 \u00a0 \u00a0 \u00a0 \u00a0 \u00a0 \u00a0 \u00a0 \u00a0 \u00a0 \u00a0 \u00a0 \u00a0 \u00a0 \u00a0 \u00a0 \u00a0 \u00a0 \u00a0 \u00a0 \u00a0 \u00a0 \u00a0 \u00a0 \u00a0 \u00a0 \u00a0 \u00a0 \u00a0 \u00a0 \u00a0 \u00a0 \u00a0 \u00a0 \u00a0Jean-Philippe Laborey<br \/>\n8 rue de la Sa\u00f4ne\u00a0 06 15 50 33 92\u00a0 \u00a0 \u00a0 \u00a0 \u00a0 \u00a0 \u00a0 \u00a0 \u00a0 \u00a0 \u00a0 \u00a0 \u00a0 \u00a0 \u00a0 \u00a0 \u00a0 \u00a0 \u00a0 \u00a0 \u00a0 \u00a0 \u00a0 \u00a0 \u00a0 \u00a0 \u00a0 \u00a0 \u00a0 \u00a0 6 rue de Magny-Montarlot\u00a0 06 25 35 69 39<\/p>\n<p><span style=\"color: #0000ff;\">DELIRE AUTHENTIQUE\u00a0 \u00a0 \u00a0 \u00a0 \u00a0 \u00a0 \u00a0 \u00a0 \u00a0 \u00a0 \u00a0 \u00a0 \u00a0 \u00a0 \u00a0 \u00a0 \u00a0 \u00a0 \u00a0 \u00a0 \u00a0 \u00a0 \u00a0 \u00a0 \u00a0 \u00a0 \u00a0 \u00a0 \u00a0 \u00a0 \u00a0 \u00a0 \u00a0 \u00a0 \u00a0 \u00a0 \u00a0 \u00a0 \u00a0 \u00a0 \u00a0 \u00a0 \u00a0 \u00a0 \u00a0 \u00a0 \u00a0 \u00a0 \u00a0 \u00a0 \u00a0DES PHOTOS EN MOTS<\/span><br \/>\nFanny Journet\u00a0 \u00a0fandetam@gmail.com\u00a0 \u00a0 \u00a0 \u00a0 \u00a0 \u00a0 \u00a0 \u00a0 \u00a0 \u00a0 \u00a0 \u00a0 \u00a0 \u00a0 \u00a0 \u00a0 \u00a0 \u00a0 \u00a0 \u00a0 \u00a0 \u00a0 \u00a0 \u00a0Livre de photos animali\u00e8res Sylvain Fontaine<br \/>\nCr\u00e9ations Originales et Personnalis\u00e9es en Bois\u00a0 \u00a0 \u00a0 \u00a0 \u00a0 \u00a0 \u00a0 \u00a0 \u00a0 \u00a0 \u00a0 \u00a0 \u00a0 \u00a0 \u00a0 \u00a0 \u00a0 \u00a0 \u00a0 \u00a0 \u00a0Compte Instagram : silvanfoto21<br \/>\n4 rue du Centre\u00a0 \u00a0 \u00a006 10 05 34 21\u00a0 \u00a0 \u00a0 \u00a0 \u00a0 \u00a0 \u00a0 \u00a0 \u00a0 \u00a0 \u00a0 \u00a0 \u00a0 \u00a0 \u00a0 \u00a0 \u00a0 \u00a0 \u00a0 \u00a0 \u00a0 \u00a0 \u00a0 \u00a0 \u00a0 \u00a0 \u00a0 \u00a0 \u00a0 \u00a0 \u00a0 \u00a0 1 Petite rue Communale\u00a0 \u00a0 06 31 85 77 65<\/p>\n<p><span style=\"color: #0000ff;\">SWIM COACH ALEX\u00a0 \u00a0 \u00a0 \u00a0 \u00a0 \u00a0 \u00a0 \u00a0 \u00a0 \u00a0 \u00a0 \u00a0 \u00a0 \u00a0 \u00a0 \u00a0 \u00a0 \u00a0 \u00a0 \u00a0 \u00a0 \u00a0 \u00a0 \u00a0 \u00a0 \u00a0 \u00a0 \u00a0 \u00a0 \u00a0 \u00a0 \u00a0 \u00a0 \u00a0 \u00a0 \u00a0 \u00a0 \u00a0 \u00a0 \u00a0 \u00a0 \u00a0 \u00a0 \u00a0 \u00a0 \u00a0 \u00a0 \u00a0 \u00a0 \u00a0 \u00a0 \u00a0 G.A.E.C. COLLIN P\u00e8re et Fils\u00a0<\/span>\u00a0 \u00a0 \u00a0 \u00a0 \u00a0 \u00a0 \u00a0 \u00a0 \u00a0Alex Mittaine Misset\u00a0 \u00a0Maitre Nageur Sauveteur\u00a0 \u00a0 \u00a0 \u00a0 \u00a0 \u00a0 \u00a0 \u00a0 \u00a0 \u00a0 \u00a0 \u00a0 \u00a0 \u00a0 \u00a0Vente de Pommes de terre et d&rsquo;Asperges<br \/>\nCoaching en Natation adultes, Enfants. Aquaphobie\u00a0 \u00a0 \u00a0 \u00a0 \u00a0 \u00a0 \u00a0 \u00a0 \u00a0 \u00a0 \u00a0 \u00a0 \u00a0 \u00a0 \u00a0 \u00a0 \u00a0 \u00a0 \u00a0 \u00a0 \u00a0 4 rue du Champ Communal<br \/>\nalexyzf21@hotmail.com\u00a0 \u00a0 06 66 70 38 58\u00a0 \u00a0 \u00a0 \u00a0 \u00a0 \u00a0 \u00a0 \u00a0 \u00a0 \u00a0 \u00a0 \u00a0 \u00a0 \u00a0 \u00a0 \u00a0 \u00a0 \u00a0 \u00a0 \u00a0 \u00a0 \u00a0 \u00a0 \u00a0 \u00a0 \u00a0 \u00a0 \u00a0 \u00a0 \u00a0 \u00a0 \u00a0 \u00a0 \u00a0 \u00a0 \u00a0 \u00a0 \u00a0 \u00a0 06 63 15 00 39<\/p>\n<p><span style=\"color: #0000ff;\">QUENTIN GELEY Coaching Sportif \u00e0 domicile\u00a0 \u00a0 \u00a0 \u00a0 \u00a0 \u00a0 \u00a0 \u00a0 \u00a0 \u00a0 \u00a0 \u00a0 \u00a0 \u00a0 \u00a0 \u00a0 \u00a0 \u00a0 \u00a0 \u00a0 \u00a0 \u00a0 \u00a0 \u00a0 \u00a0 \u00a0 \u00a0 \u00a0 \u00a0 \u00a0 \u00a0 BEST&rsquo;OIL\u00a0 \u00a0 \u00a0 \u00a0 \u00a0 \u00a0 \u00a0 \u00a0 \u00a0 \u00a0 \u00a0 \u00a0 \u00a0 \u00a0 \u00a0 \u00a0 \u00a0 \u00a0 \u00a0 \u00a0 \u00a0 \u00a0 <span style=\"color: #333333;\">8, rue Naulier\u00a0 \u00a0 06 10 46 61 66\u00a0 \u00a0 \u00a0 \u00a0 \u00a0 \u00a0 \u00a0 \u00a0 \u00a0 \u00a0 \u00a0 \u00a0 \u00a0 \u00a0 \u00a0 \u00a0 \u00a0 \u00a0 \u00a0 \u00a0 \u00a0 \u00a0 \u00a0 \u00a0 \u00a0 \u00a0 \u00a0 \u00a0 \u00a0 \u00a0 \u00a0 \u00a0 \u00a0 \u00a0 \u00a0 \u00a0 \u00a0 Votre m\u00e9canicien \u00e0 domicile\u00a0 \u00a0 \u00a0 \u00a0 \u00a0 \u00a0 \u00a0 \u00a0 <\/span><\/span><span style=\"color: #0000ff;\"><span style=\"color: #333333;\">\u00a0 \u00a0 \u00a0 \u00a0 Site:\u00a0 https:\/\/www.quentingeleycoachingsportif.fr\/\u00a0 \u00a0 \u00a0 \u00a0 \u00a0 \u00a0 \u00a0 \u00a0 \u00a0 \u00a0 \u00a0Florian Esposito 8, route D\u00e9partementale\u00a0 \u00a0 \u00a0 quentin.geley@hotmail.com\u00a0 \u00a0 \u00a0 \u00a0 \u00a0 \u00a0 \u00a0 \u00a0 \u00a0 \u00a0 \u00a0 \u00a0 \u00a0 \u00a0 \u00a0 \u00a0 \u00a0 \u00a0 \u00a0 \u00a0 \u00a0 \u00a0 \u00a0 \u00a0 \u00a0 \u00a0 \u00a0 \u00a0 \u00a0 \u00a0 \u00a0 \u00a0 \u00a0 \u00a0 \u00a0 \u00a0 07 69 46 59 19\u00a0 \u00a0 meca.fcl.21.bestoil.fr\u00a0 \u00a0 \u00a0 \u00a0 \u00a0 \u00a0 \u00a0 \u00a0 \u00a0 \u00a0 \u00a0 \u00a0 \u00a0 \u00a0 \u00a0 \u00a0 \u00a0 \u00a0 \u00a0 \u00a0 \u00a0 \u00a0 \u00a0 \u00a0 \u00a0 \u00a0 \u00a0 \u00a0 \u00a0 \u00a0 \u00a0 \u00a0 \u00a0 \u00a0 \u00a0 \u00a0 \u00a0 \u00a0 \u00a0 \u00a0 \u00a0 \u00a0 \u00a0 \u00a0 \u00a0 \u00a0 \u00a0 \u00a0 \u00a0 \u00a0 \u00a0 \u00a0 \u00a0 \u00a0 \u00a0 \u00a0 \u00a0 \u00a0<\/span><\/span><\/p>\n<p><span style=\"color: #0000ff;\">HISTORIC BOURGOGNE RENT\u00a0 <span style=\"color: #333333;\">\u00a0 \u00a0 \u00a0 \u00a0 \u00a0 \u00a0 \u00a0 \u00a0 \u00a0 \u00a0 \u00a0 \u00a0 \u00a0 \u00a0 \u00a0 \u00a0 \u00a0 \u00a0 \u00a0 \u00a0 \u00a0 \u00a0 \u00a0 \u00a0 \u00a0 \u00a0 \u00a0 \u00a0 \u00a0 \u00a0 \u00a0 \u00a0 \u00a0 \u00a0 \u00a0 \u00a0 \u00a0 \u00a0 \u00a0 \u00a0 \u00a0 \u00a0 \u00a0 \u00a0 \u00a0<span style=\"color: #0000ff;\">FILPRINT<\/span>\u00a0 \u00a0 \u00a0 \u00a0 \u00a0 \u00a0 \u00a0 \u00a0 \u00a0 \u00a0 \u00a0 \u00a0 \u00a0 \u00a0 \u00a0 \u00a0 \u00a0 \u00a0 \u00a0 \u00a0 \u00a0 \u00a0 Location de voitures de collection<\/span>\u00a0 \u00a0 \u00a0 \u00a0 \u00a0 \u00a0 \u00a0 \u00a0 \u00a0 \u00a0 \u00a0 \u00a0 \u00a0 \u00a0 \u00a0<\/span>Marquage sur textile, Broderie Imprimerie et S\u00e9rigraphie <span style=\"color: #0000ff;\"><span style=\"color: #333333;\">Florent Sechepine\u00a0 4, rue du Trouvot\u00a0 \u00a0 \u00a0 \u00a0 \u00a0 \u00a0 \u00a0 \u00a0 \u00a0 \u00a0 \u00a0 \u00a0 \u00a0 \u00a0 \u00a0 \u00a0 \u00a0 \u00a0 \u00a0 \u00a0 \u00a0 \u00a0 \u00a0 \u00a0 \u00a0 \u00a0 \u00a0 \u00a0 \u00a0 \u00a0Rachel Zeiler 4, rue du Trouvot\u00a0 \u00a0 \u00a0 \u00a0 \u00a0 \u00a0 \u00a0 \u00a0 \u00a0 \u00a0 \u00a0 \u00a0 \u00a0 \u00a0 06 87 137 361\u00a0 \u00a0 \u00a0Facebook:\u00a0 HBR\u00a0 \u00a0 \u00a0 \u00a0 \u00a0 \u00a0 \u00a0 \u00a0 \u00a0 \u00a0 \u00a0 \u00a0 \u00a0 \u00a0 \u00a0 \u00a0 \u00a0 \u00a0 \u00a0 \u00a0 \u00a0 \u00a0 \u00a0 \u00a0 \u00a0 \u00a0 \u00a0 \u00a0 \u00a0 \u00a006 13 88 34 67\u00a0 \u00a0Facebook : Filprint<\/span><\/span><\/p>\n<p><span style=\"color: #0000ff;\">PODEVIN Johan MULTISERVICES\u00a0 \u00a0 \u00a0 \u00a0 \u00a0 \u00a0 \u00a0 \u00a0 \u00a0 \u00a0 \u00a0 \u00a0 \u00a0 \u00a0 \u00a0 \u00a0 \u00a0 \u00a0 \u00a0 \u00a0 \u00a0 \u00a0 \u00a0 \u00a0 \u00a0 \u00a0 \u00a0 \u00a0 LES JARDINS D&rsquo;ALEX ET NONO\u00a0 \u00a0 \u00a0 \u00a0 \u00a0 \u00a0 \u00a0 \u00a0 \u00a0 \u00a0 <span style=\"color: #333333;\">Entretien<\/span> <span style=\"color: #333333;\">Espaces Verts, petits travaux int\u00e9rieurs\u00a0 \u00a0 \u00a0 \u00a0 \u00a0 \u00a0 \u00a0 \u00a0 \u00a0 \u00a0 \u00a0 \u00a0 \u00a0 \u00a0 \u00a0 \u00a0 Exploitation mara\u00eech\u00e8re\u00a0 \u00a0 \u00a0 \u00a0 \u00a0 \u00a0 \u00a0 \u00a0 \u00a0 \u00a0 \u00a0 \u00a0 \u00a0 \u00a0 \u00a0 \u00a0 \u00a0 \u00a0 \u00a017, rue du Champ Cuminot\u00a0 \u00a0 \u00a0 \u00a0 \u00a0 \u00a0 \u00a0 \u00a0 \u00a0 \u00a0 \u00a0 \u00a0 \u00a0 \u00a0 \u00a0 \u00a0 \u00a0 \u00a0 \u00a0 \u00a0 \u00a0 \u00a0 \u00a0 \u00a0 \u00a0 \u00a0 \u00a0 \u00a0 \u00a0 \u00a0 \u00a0 \u00a0 \u00a0 \u00a0 \u00a0 \u00a0 \u00a0 \u00a0 \u00a04, route D\u00e9partementale 976\u00a0 \u00a0 \u00a0 \u00a0 \u00a0 \u00a0 \u00a0 \u00a0 \u00a0 \u00a0 \u00a0 \u00a0 \u00a0 \u00a0 \u00a0 \u00a0 \u00a0 \u00a0 \u00a0 \u00a0 07 85 06 86 67\u00a0 \u00a0 \u00a0 \u00a0 \u00a0 \u00a0 \u00a0 \u00a0 \u00a0 \u00a0 \u00a0 \u00a0 \u00a0 \u00a0 \u00a0 \u00a0 \u00a0 \u00a0 \u00a0 \u00a0 \u00a0 \u00a0 \u00a0 \u00a0 \u00a0 \u00a0 \u00a0 \u00a0 \u00a0 \u00a0 \u00a0 \u00a0 \u00a0 \u00a0 \u00a0 \u00a0 \u00a0 \u00a0 \u00a0 \u00a0 \u00a0 \u00a0 \u00a0 \u00a0 \u00a0 \u00a0 \u00a0 \u00a0 \u00a0 \u00a0 \u00a0 \u00a0 \u00a0 \u00a0 \u00a0 \u00a0 \u00a007 63 11 57 33\u00a0<\/span><\/span><\/p>\n<p>&nbsp;<\/p>\n<p>Vous \u00eates entrepreneur, artisan, commer\u00e7ant, vous habitez \u00e0 Poncey et souhaitez appara\u00eetre dans cette\u00a0 rubrique, n&rsquo;h\u00e9sitez pas \u00e0 nous contacter au 03 80 47 16 79 ( aux horaires d&rsquo;ouverture de la mairie ).<\/p>\n<h3><\/h3>\n<hr \/>\n<p>&nbsp;<\/p>\n<h2><span style=\"color: #800000;\">\u00a0 \u00a0 \u00a0 \u00a0 \u00a0 \u00a0 \u00a0 \u00a0 \u00a0 \u00a0 \u00a0 \u00a0 \u00a0 \u00a0 \u00a0 \u00a0 \u00a0 \u00a0 \u00a0Entrepreneurs en 2026<\/span><\/h2>\n<p>&nbsp;<\/p>\n<p>&nbsp;<\/p>\n<h3><span style=\"color: #800000;\">Les Jardins d&rsquo;Alex et Nono<\/span><\/h3>\n<h4><a href=\"https:\/\/www.mairie-poncey-les-athee.fr\/wp-content\/uploads\/Alex-Lanchon-BP.png\" target=\"_blank\" rel=\"noopener\">Article du Bien Public<\/a><\/h4>\n<h4><a href=\"https:\/\/www.facebook.com\/p\/Les-jardins-dAlex-et-Nono-61573196612136\/#\" target=\"_blank\" rel=\"noopener\">www.facebook.com\/p\/Les-jardins-dAlex-et-Nono<\/a><\/h4>\n<p><a href=\"https:\/\/www.mairie-poncey-les-athee.fr\/wp-content\/uploads\/alex-et-Nono.jpg\" target=\"_blank\" rel=\"noopener\"><img loading=\"lazy\" decoding=\"async\" class=\"wp-image-21351 alignnone\" src=\"https:\/\/www.mairie-poncey-les-athee.fr\/wp-content\/uploads\/alex-et-Nono-300x200.jpg\" sizes=\"auto, (max-width: 616px) 100vw, 616px\" srcset=\"https:\/\/www.mairie-poncey-les-athee.fr\/wp-content\/uploads\/alex-et-Nono-300x200.jpg 300w, https:\/\/www.mairie-poncey-les-athee.fr\/wp-content\/uploads\/alex-et-Nono-1024x683.jpg 1024w, https:\/\/www.mairie-poncey-les-athee.fr\/wp-content\/uploads\/alex-et-Nono-768x512.jpg 768w, https:\/\/www.mairie-poncey-les-athee.fr\/wp-content\/uploads\/alex-et-Nono-750x500.jpg 750w, https:\/\/www.mairie-poncey-les-athee.fr\/wp-content\/uploads\/alex-et-Nono.jpg 1536w\" alt=\"\" width=\"366\" height=\"244\" \/>\u00a0 \u00a0 \u00a0 \u00a0 \u00a0<\/a><a href=\"https:\/\/www.mairie-poncey-les-athee.fr\/wp-content\/uploads\/Alec-Lanchon2.jpg\" target=\"_blank\" rel=\"noopener\"><img loading=\"lazy\" decoding=\"async\" class=\"alignnone wp-image-21369\" src=\"https:\/\/www.mairie-poncey-les-athee.fr\/wp-content\/uploads\/Alec-Lanchon2-300x225.jpg\" alt=\"\" width=\"315\" height=\"236\" srcset=\"https:\/\/www.mairie-poncey-les-athee.fr\/wp-content\/uploads\/Alec-Lanchon2-300x225.jpg 300w, https:\/\/www.mairie-poncey-les-athee.fr\/wp-content\/uploads\/Alec-Lanchon2-1024x768.jpg 1024w, https:\/\/www.mairie-poncey-les-athee.fr\/wp-content\/uploads\/Alec-Lanchon2-768x576.jpg 768w, https:\/\/www.mairie-poncey-les-athee.fr\/wp-content\/uploads\/Alec-Lanchon2-750x563.jpg 750w, https:\/\/www.mairie-poncey-les-athee.fr\/wp-content\/uploads\/Alec-Lanchon2.jpg 1144w\" sizes=\"auto, (max-width: 315px) 100vw, 315px\" \/><\/a><\/p>\n<p>&nbsp;<\/p>\n<hr \/>\n<h2>\u00a0 \u00a0 \u00a0 \u00a0 \u00a0 \u00a0 \u00a0 \u00a0 \u00a0 \u00a0 \u00a0 \u00a0 \u00a0 \u00a0 \u00a0 \u00a0 \u00a0 \u00a0 \u00a0<span style=\"color: #0000ff;\">Entrepreneurs en 2025\u00a0<\/span><\/h2>\n<p>&nbsp;<\/p>\n<p>&nbsp;<\/p>\n<h3><span style=\"color: #0000ff;\">Camion Pizza<\/span><\/h3>\n<div class=\"title\">\n<h4><strong><a href=\"https:\/\/www.mairie-poncey-les-athee.fr\/wp-content\/uploads\/Pizzaiolo12.pdf\" target=\"_blank\" rel=\"noopener\"><img loading=\"lazy\" decoding=\"async\" class=\"alignleft wp-image-20358 size-medium\" src=\"https:\/\/www.mairie-poncey-les-athee.fr\/wp-content\/uploads\/Pizzaiolo2_page-0001-couv-1-222x300.jpg\" sizes=\"auto, (max-width: 222px) 100vw, 222px\" srcset=\"https:\/\/www.mairie-poncey-les-athee.fr\/wp-content\/uploads\/Pizzaiolo2_page-0001-couv-1-222x300.jpg 222w, https:\/\/www.mairie-poncey-les-athee.fr\/wp-content\/uploads\/Pizzaiolo2_page-0001-couv-1-568x768.jpg 568w, https:\/\/www.mairie-poncey-les-athee.fr\/wp-content\/uploads\/Pizzaiolo2_page-0001-couv-1-768x1038.jpg 768w, https:\/\/www.mairie-poncey-les-athee.fr\/wp-content\/uploads\/Pizzaiolo2_page-0001-couv-1-750x1013.jpg 750w, https:\/\/www.mairie-poncey-les-athee.fr\/wp-content\/uploads\/Pizzaiolo2_page-0001-couv-1.jpg 843w\" alt=\"\" width=\"222\" height=\"300\" \/><\/a><\/strong><\/h4>\n<h4><\/h4>\n<h3><strong>\u00a0 \u00a0 \u00a0 \u00a0 \u00a0<span style=\"color: #800000;\">Tous les samedis devant la mairie<\/span><\/strong><\/h3>\n<\/div>\n<div class=\"content\">\n<p><strong>\u00a0 \u00a0 \u00a0 \u00a0 \u00a0 \u00a0 \u00a0 \u00a0 \u00a0 \u00a0 \u00a0 \u00a0 \u00a0 \u00a0 \u00a0 \u00a0 \u00a0 \u00a0 \u00a0 \u00a0 \u00a0 \u00a0 \u00a0 \u00a0 \u00e0 partir de 17h<\/strong><\/p>\n<p>Vous pourrez commander et d\u00e9guster les d\u00e9licieuses pizzas de<\/p>\n<h4><strong>\u00a0 \u00a0 \u00a0 \u00a0 \u00a0 \u00a0 \u00a0 \u00a0 \u00a0 \u00a0 \u00a0 <span style=\"color: #800000;\">\u00a0 \u00a0 \u00a0 \u00a0 \u00a0 \u00a0 Pizzaiolo Saint Julien<\/span><\/strong><\/h4>\n<p><strong>\u00a0 \u00a0 \u00a0 \u00a0 \u00a0 \u00a0 \u00a0 \u00a0 \u00a0 \u00a0 \u00a0 \u00a0 \u00a0 \u00a0 \u00a0 \u00a0 \u00a0 \u00a0 \u00a0 \u00a0 \u00a0 \u00a0 \u00a0 06 13 20 16 33<\/strong><\/p>\n<h4><a href=\"https:\/\/www.mairie-poncey-les-athee.fr\/wp-content\/uploads\/Pizzaiolo2_page-0001-1.pdf\" target=\"_blank\" rel=\"noopener\">\u00a0 \u00a0 \u00a0 \u00a0 \u00a0 \u00a0 \u00a0 \u00a0 \u00a0 \u00a0 \u00a0 \u00a0 \u00a0 \u00a0 \u00a0 \u00a0 \u00a0 \u00a0 \u00a0Carte des Pizzas<\/a><\/h4>\n<\/div>\n<p>&nbsp;<\/p>\n<p>&nbsp;<\/p>\n<hr \/>\n<h3><span style=\"color: #0000ff;\">Basset Traiteur<\/span><\/h3>\n<p>&nbsp;<\/p>\n<p><a href=\"https:\/\/www.mairie-poncey-les-athee.fr\/wp-content\/uploads\/Numerisation_20260111-2.png\" target=\"_blank\" rel=\"noopener\"><img loading=\"lazy\" decoding=\"async\" class=\"alignleft wp-image-20470 size-medium\" src=\"https:\/\/www.mairie-poncey-les-athee.fr\/wp-content\/uploads\/Numerisation_20260111-2-300x190.png\" alt=\"\" width=\"300\" height=\"190\" srcset=\"https:\/\/www.mairie-poncey-les-athee.fr\/wp-content\/uploads\/Numerisation_20260111-2-300x190.png 300w, https:\/\/www.mairie-poncey-les-athee.fr\/wp-content\/uploads\/Numerisation_20260111-2-768x486.png 768w, https:\/\/www.mairie-poncey-les-athee.fr\/wp-content\/uploads\/Numerisation_20260111-2-750x474.png 750w, https:\/\/www.mairie-poncey-les-athee.fr\/wp-content\/uploads\/Numerisation_20260111-2.png 950w\" sizes=\"auto, (max-width: 300px) 100vw, 300px\" \/><\/a><\/p>\n<p>&nbsp;<\/p>\n<h4>Traiteur<\/h4>\n<p><strong>Bernard Basset\u00a0 \u00a0 \u00a0 \u00a0 \u00a0 \u00a0 \u00a0 \u00a0 \u00a0 \u00a0 \u00a0 \u00a0 \u00a0 \u00a0 \u00a0 \u00a0 \u00a0 \u00a0 \u00a0 \u00a0 \u00a0 \u00a0 \u00a0 \u00a0 \u00a0 \u00a0 \u00a0 \u00a0 \u00a0 \u00a0 \u00a0 \u00a0 \u00a0 \u00a0 \u00a0 \u00a0 \u00a0 \u00a0 \u00a0 \u00a0 \u00a0 \u00a0 \u00a0 \u00a0 \u00a0 \u00a0 \u00a0 \u00a0 \u00a0 \u00a0 \u00a0 \u00a0 \u00a0 4, ruelle Baudry \u00e0 Poncey\u00a0 \u00a0 \u00a0 \u00a0 \u00a0 \u00a0 \u00a0 \u00a0 \u00a0 \u00a0 \u00a0 \u00a0 \u00a0 \u00a0 \u00a0 \u00a0 \u00a0 \u00a0 \u00a0 \u00a0 \u00a0 \u00a0 \u00a0 \u00a0 \u00a0 \u00a0 \u00a0 \u00a0 \u00a0 \u00a0 \u00a0 \u00a0 \u00a0 \u00a0 \u00a0 \u00a0 \u00a0 \u00a0 \u00a0 \u00a0 \u00a0 \u00a006 73 14 26 00<\/strong><\/p>\n<p>&nbsp;<\/p>\n<p>&nbsp;<\/p>\n<hr \/>\n<h3 class=\"post-title entry-title\"><span style=\"color: #0000ff;\">Florent et ses Voitures Anciennes<\/span><\/h3>\n<p><strong>Install\u00e9 depuis peut \u00e0 Poncey-l\u00e8s-Ath\u00e9e,<\/strong> je suis sp\u00e9cialis\u00e9 dans la mise \u00e0 disposition de voiture anciennes , pour un mariage, un cadeau , pour 1 heure , 1 journ\u00e9e ou un Week end , une ballade en amoureux sur les routes Bourguignonnes et Franc-Comtoises nous avons une vingtaine de voitures disponibles pour votre plaisir !<\/p>\n<p><a href=\"https:\/\/www.mairie-poncey-les-athee.fr\/wp-content\/uploads\/histobrent_page-0001-1.jpg\" target=\"_blank\" rel=\"noopener\"><img loading=\"lazy\" decoding=\"async\" class=\"alignnone wp-image-18533 size-medium\" src=\"https:\/\/www.mairie-poncey-les-athee.fr\/wp-content\/uploads\/histobrent_page-0001-1-300x197.jpg\" sizes=\"auto, (max-width: 300px) 100vw, 300px\" srcset=\"https:\/\/www.mairie-poncey-les-athee.fr\/wp-content\/uploads\/histobrent_page-0001-1-300x197.jpg 300w, https:\/\/www.mairie-poncey-les-athee.fr\/wp-content\/uploads\/histobrent_page-0001-1.jpg 540w\" alt=\"\" width=\"300\" height=\"197\" \/>\u00a0\u00a0\u00a0\u00a0\u00a0\u00a0\u00a0\u00a0\u00a0\u00a0\u00a0\u00a0\u00a0\u00a0\u00a0\u00a0\u00a0\u00a0\u00a0<\/a><a href=\"https:\/\/www.mairie-poncey-les-athee.fr\/wp-content\/uploads\/classic-car-bourgogne.jpg\" target=\"_blank\" rel=\"noopener\"><img loading=\"lazy\" decoding=\"async\" class=\"alignnone wp-image-19137\" src=\"https:\/\/www.mairie-poncey-les-athee.fr\/wp-content\/uploads\/classic-car-bourgogne-300x135.jpg\" sizes=\"auto, (max-width: 342px) 100vw, 342px\" srcset=\"https:\/\/www.mairie-poncey-les-athee.fr\/wp-content\/uploads\/classic-car-bourgogne-300x135.jpg 300w, https:\/\/www.mairie-poncey-les-athee.fr\/wp-content\/uploads\/classic-car-bourgogne-1024x462.jpg 1024w, https:\/\/www.mairie-poncey-les-athee.fr\/wp-content\/uploads\/classic-car-bourgogne-768x347.jpg 768w, https:\/\/www.mairie-poncey-les-athee.fr\/wp-content\/uploads\/classic-car-bourgogne-1536x694.jpg 1536w, https:\/\/www.mairie-poncey-les-athee.fr\/wp-content\/uploads\/classic-car-bourgogne-2048x925.jpg 2048w, https:\/\/www.mairie-poncey-les-athee.fr\/wp-content\/uploads\/classic-car-bourgogne-750x339.jpg 750w\" alt=\"\" width=\"342\" height=\"154\" \/><\/a><\/p>\n<p>je m\u2019occupe aussi de vos anciennes\u2026. Depuis 35 ans dans la r\u00e9paration automobile, je suis sp\u00e9cialis\u00e9 dans la maintenance et la vente de voitures anciennes. Mise au point des moteurs , l\u2019entretien ou la restauration m\u00e9canique. N\u2019h\u00e9sitez pas \u00e0 venir me voir.\u00a0 \u00a0 \u00a0 \u00a0 \u00a0 \u00a0 \u00a0 \u00a0 \u00a0 \u00a0 \u00a0 \u00a0 \u00a0 \u00a0 \u00a0 \u00a0 \u00a0 \u00a0 \u00a0 \u00a0 \u00a0 \u00a0 \u00a0 \u00a0 \u00a0 \u00a0 \u00a0 \u00a0 \u00a0 \u00a0 \u00a0 \u00a0 \u00a0 \u00a0 \u00a0 \u00a0 \u00a0 \u00a0 \u00a0 \u00a0 \u00a0 \u00a0 \u00a0 \u00a0 \u00a0 \u00a0 \u00a0 \u00a0 \u00a0 \u00a0 \u00a0 \u00a0 \u00a0 \u00a0 <a href=\"https:\/\/www.facebook.com\/profile.php?id=100094281481506\" target=\"_blank\" rel=\"noopener\">\u00a0<\/a><strong>Historic Bourgogne Rent <\/strong>et <strong>Classic Car Bourgogne<\/strong><\/p>\n<p><strong> Florent Sechepine\u00a0 4, rue du Trouvot \u00e0 Poncey\u00a0 \u00a0 \u00a0 \u00a0 \u00a0 0687 137 361.\u00a0 \u00a0 \u00a0\u00a0 \u00a0\u00a0 \u00a0\u00a0 \u00a0\u00a0 \u00a0\u00a0 \u00a0\u00a0 \u00a0\u00a0 \u00a0\u00a0 \u00a0\u00a0 \u00a0\u00a0 \u00a0\u00a0 \u00a0\u00a0 \u00a0\u00a0 \u00a0\u00a0 \u00a0\u00a0 \u00a0\u00a0 \u00a0\u00a0 \u00a0\u00a0 \u00a0\u00a0 \u00a0\u00a0 \u00a0\u00a0 \u00a0\u00a0 \u00a0\u00a0 \u00a0 <a href=\"https:\/\/www.facebook.com\/profile.php?id=100094281481506\" target=\"_blank\" rel=\"noopener\">facebook.com HBR\u00a0 \u00a0 <\/a><\/strong><strong><a href=\"https:\/\/www.facebook.com\/profile.php?id=61577921923271\" target=\"_blank\" rel=\"noopener\">\u00a0 \u00a0 \u00a0 Facebook.comCCB<\/a>\u00a0<\/strong><\/p>\n<p>&nbsp;<\/p>\n<hr \/>\n<h3><\/h3>\n<h3><span style=\"color: #0000ff;\">FILPRINT<\/span><\/h3>\n<p><a href=\"https:\/\/www.mairie-poncey-les-athee.fr\/wp-content\/uploads\/filprint.jpg\" target=\"_blank\" rel=\"noopener\"><img loading=\"lazy\" decoding=\"async\" class=\"alignleft wp-image-19653 size-medium\" src=\"https:\/\/www.mairie-poncey-les-athee.fr\/wp-content\/uploads\/filprint-300x225.jpg\" alt=\"\" width=\"300\" height=\"225\" srcset=\"https:\/\/www.mairie-poncey-les-athee.fr\/wp-content\/uploads\/filprint-300x225.jpg 300w, https:\/\/www.mairie-poncey-les-athee.fr\/wp-content\/uploads\/filprint-768x576.jpg 768w, https:\/\/www.mairie-poncey-les-athee.fr\/wp-content\/uploads\/filprint-750x563.jpg 750w, https:\/\/www.mairie-poncey-les-athee.fr\/wp-content\/uploads\/filprint.jpg 960w\" sizes=\"auto, (max-width: 300px) 100vw, 300px\" \/><\/a><\/p>\n<p>&nbsp;<\/p>\n<h4>Marquage sur textile, imprimerie et S\u00e9rigraphie<span style=\"color: #0000ff;\">\u00a0 \u00a0 \u00a0 \u00a0<span style=\"color: #333333;\">\u00a0 \u00a0 \u00a0 \u00a0 \u00a0 \u00a0 \u00a0 \u00a0 \u00a0 \u00a0 \u00a0 \u00a0 \u00a0 \u00a0 <\/span><\/span><\/h4>\n<p><span style=\"color: #0000ff;\"><span style=\"color: #333333;\"><strong>Rachel Zeiler 4, rue du Trouvot \u00e0 Poncey\u00a0 \u00a0 \u00a0 \u00a0 \u00a0 \u00a0 \u00a0 \u00a0 \u00a0 \u00a0 \u00a0 \u00a0 \u00a0 \u00a0 \u00a0 \u00a0 \u00a0 \u00a0 \u00a0 \u00a0 \u00a0 \u00a0 \u00a0 \u00a0 \u00a0 \u00a0 \u00a006 13 88 34 67\u00a0 \u00a0<a href=\"https:\/\/www.facebook.com\/profile.php?id=100063507849569\" target=\"_blank\" rel=\"noopener\">Facebook : Filprint<\/a><\/strong><\/span><\/span><\/p>\n<p>&nbsp;<\/p>\n<p>&nbsp;<\/p>\n<hr \/>\n<p>&nbsp;<\/p>\n<h3><span style=\"color: #0000ff;\">Florian M\u00e9canicien Mobile<\/span><\/h3>\n<p><a href=\"https:\/\/www.mairie-poncey-les-athee.fr\/wp-content\/uploads\/bestoil.jpg\" target=\"_blank\" rel=\"noopener\"><img loading=\"lazy\" decoding=\"async\" class=\"alignleft wp-image-19632 size-medium\" src=\"https:\/\/www.mairie-poncey-les-athee.fr\/wp-content\/uploads\/bestoil-225x300.jpg\" sizes=\"auto, (max-width: 225px) 100vw, 225px\" srcset=\"https:\/\/www.mairie-poncey-les-athee.fr\/wp-content\/uploads\/bestoil-225x300.jpg 225w, https:\/\/www.mairie-poncey-les-athee.fr\/wp-content\/uploads\/bestoil-576x768.jpg 576w, https:\/\/www.mairie-poncey-les-athee.fr\/wp-content\/uploads\/bestoil-768x1024.jpg 768w, https:\/\/www.mairie-poncey-les-athee.fr\/wp-content\/uploads\/bestoil-1152x1536.jpg 1152w, https:\/\/www.mairie-poncey-les-athee.fr\/wp-content\/uploads\/bestoil-750x1000.jpg 750w, https:\/\/www.mairie-poncey-les-athee.fr\/wp-content\/uploads\/bestoil.jpg 1536w\" alt=\"\" width=\"225\" height=\"300\" \/><\/a><\/p>\n<p>Un\u00a0<strong>m\u00e9canicien mobile<\/strong>\u00a0pr\u00e9sent sur notre commune de\u00a0<strong>Poncey-les-Ath\u00e9e<\/strong>\u00a0et ses alentours.<\/p>\n<p>En effet\u00a0<strong>Florian Esposito<\/strong>\u00a0interviendra 30\/40kms aux alentours de notre village pour prendre soin de vos v\u00e9hicules pour toute demande d\u2019entretien, r\u00e9paration, diagnostic, pneumatique, distribution, etc\u2026<br \/>\nVous trouverez ci-apr\u00e8s, les coordonn\u00e9es de Florian pour faire appel \u00e0 lui<\/p>\n<p>\ud83d\udcde\u00a0: 07 69 46 59 19<br \/>\n\ud83d\udce7\u00a0: florian.esposito@bestoil.fr<br \/>\n<a href=\"https:\/\/bestoil.fr\/...\/florian-esposito-poncey-les-athee-21\/\" target=\"_blank\" rel=\"noopener\">\ud83d\udc68\ud83c\udffb\u200d\ud83d\udcbb : <strong>https:\/\/bestoil.fr\/\u2026\/florian-esposito-poncey-les-athee-21\/<\/strong>\u00a0 \u00a0 \u00a0 \u00a0 <\/a><strong>\u00a0Florian Esposito 8, route D\u00e9partementale \u00e0 Poncey<\/strong><\/p>\n<p>&nbsp;<\/p>\n<hr \/>\n<h3><span style=\"color: #0000ff;\">Johan Podevin Multiservices<\/span><\/h3>\n<p><span style=\"color: #0000ff;\"><span style=\"color: #333333;\"><a href=\"https:\/\/www.mairie-poncey-les-athee.fr\/wp-content\/uploads\/multiservice.jpg\" target=\"_blank\" rel=\"noopener\"><img loading=\"lazy\" decoding=\"async\" class=\"alignleft wp-image-18532 size-medium\" src=\"https:\/\/www.mairie-poncey-les-athee.fr\/wp-content\/uploads\/multiservice-300x166.jpg\" alt=\"\" width=\"300\" height=\"166\" srcset=\"https:\/\/www.mairie-poncey-les-athee.fr\/wp-content\/uploads\/multiservice-300x166.jpg 300w, https:\/\/www.mairie-poncey-les-athee.fr\/wp-content\/uploads\/multiservice-1024x568.jpg 1024w, https:\/\/www.mairie-poncey-les-athee.fr\/wp-content\/uploads\/multiservice-768x426.jpg 768w, https:\/\/www.mairie-poncey-les-athee.fr\/wp-content\/uploads\/multiservice-1536x852.jpg 1536w, https:\/\/www.mairie-poncey-les-athee.fr\/wp-content\/uploads\/multiservice-2048x1136.jpg 2048w, https:\/\/www.mairie-poncey-les-athee.fr\/wp-content\/uploads\/multiservice-750x416.jpg 750w\" sizes=\"auto, (max-width: 300px) 100vw, 300px\" \/><\/a><\/span><\/span><\/p>\n<p>&nbsp;<\/p>\n<p><span style=\"color: #0000ff;\"><span style=\"color: #333333;\">Entretien<\/span> <span style=\"color: #333333;\">Espaces Verts, petits travaux int\u00e9rieurs\u00a0 \u00a0 \u00a0 \u00a0 \u00a0 \u00a0 \u00a0 \u00a0 \u00a0 \u00a0 \u00a0 \u00a0 <strong>Johan Podevin 17, rue du Champ Cuminot\u00a0 \u00e0 Poncey\u00a0 \u00a0 \u00a0 \u00a0 \u00a0 \u00a0 \u00a0 \u00a0 \u00a0 \u00a0 \u00a0 \u00a0 \u00a0 \u00a0 \u00a0 \u00a0 \u00a0 \u00a0 \u00a0 \u00a0 \u00a0 \u00a0 \u00a0 07 85 06 86 67<\/strong>\u00a0\u00a0 \u00a0 \u00a0 \u00a0 \u00a0 \u00a0 \u00a0 \u00a0 \u00a0 \u00a0 \u00a0 \u00a0 \u00a0 \u00a0 \u00a0 \u00a0 \u00a0 \u00a0 \u00a0 \u00a0 \u00a0 \u00a0 \u00a0 \u00a0 \u00a0 \u00a0 \u00a0 \u00a0 \u00a0 \u00a0 \u00a0 \u00a0 \u00a0 \u00a0 \u00a0 \u00a0 \u00a0 \u00a0<\/span><\/span><\/p>\n<p>&nbsp;<\/p>\n<p>&nbsp;<\/p>\n<hr \/>\n<h3><span style=\"color: #0000ff;\">Quentin Coach Sportif \u00e0 Domicile<\/span><\/h3>\n<p><a href=\"https:\/\/www.mairie-poncey-les-athee.fr\/wp-content\/uploads\/Quentin-Geley.jpg\" target=\"_blank\" rel=\"noopener\"><img loading=\"lazy\" decoding=\"async\" class=\"alignnone wp-image-16744\" src=\"https:\/\/www.mairie-poncey-les-athee.fr\/wp-content\/uploads\/Quentin-Geley-300x233.jpg\" alt=\"\" width=\"618\" height=\"480\" srcset=\"https:\/\/www.mairie-poncey-les-athee.fr\/wp-content\/uploads\/Quentin-Geley-300x233.jpg 300w, https:\/\/www.mairie-poncey-les-athee.fr\/wp-content\/uploads\/Quentin-Geley-560x435.jpg 560w, https:\/\/www.mairie-poncey-les-athee.fr\/wp-content\/uploads\/Quentin-Geley-768x596.jpg 768w, https:\/\/www.mairie-poncey-les-athee.fr\/wp-content\/uploads\/Quentin-Geley-750x582.jpg 750w, https:\/\/www.mairie-poncey-les-athee.fr\/wp-content\/uploads\/Quentin-Geley.jpg 1131w\" sizes=\"auto, (max-width: 618px) 100vw, 618px\" \/><\/a><\/p>\n<p><strong><span style=\"color: #0000ff;\"><span style=\"color: #333333;\">Quentin Geley Coaching sportif \u00e0 domicile\u00a0 \u00a0 \u00a0 \u00a0 \u00a0 \u00a0 \u00a0 \u00a0 \u00a0 \u00a0 \u00a0 \u00a0 \u00a0 \u00a0 \u00a0 \u00a0 \u00a0 \u00a0 \u00a0 \u00a0 \u00a0 \u00a0 \u00a0 \u00a0 \u00a0 \u00a0 \u00a0 \u00a0 \u00a0 \u00a0 \u00a0 \u00a0 \u00a0 \u00a0 \u00a0 \u00a0 \u00a0 \u00a0 \u00a0 \u00a0 \u00a0 \u00a0 \u00a0 \u00a0 \u00a0 \u00a0 \u00a0 \u00a0 \u00a0 \u00a0 \u00a0 \u00a0 \u00a0 \u00a0 \u00a0 \u00a0 \u00a0 \u00a0 \u00a0 \u00a0 \u00a0 \u00a0 \u00a0 \u00a0 \u00a0 \u00a0 \u00a0 \u00a0 \u00a0 \u00a0 \u00a0 8, rue Naulier \u00e0 Poncey\u00a0 \u00a0 06 10 46 61 66<\/span><\/span><\/strong><\/p>\n<p><strong><a href=\"https:\/\/www.quentingeleycoachingsportif.fr\/\" target=\"_blank\" rel=\"noopener\">https:\/\/www.quentingeleycoachingsportif.fr\/<\/a><\/strong><\/p>\n<hr \/>\n<p>&nbsp;<\/p>\n","protected":false},"excerpt":{"rendered":"","protected":false},"author":2,"featured_media":5137,"parent":22,"menu_order":2,"comment_status":"closed","ping_status":"closed","template":"","meta":{"footnotes":""},"class_list":["post-4396","page","type-page","status-publish","has-post-thumbnail","hentry","nodate","item-wrap"],"_links":{"self":[{"href":"https:\/\/www.mairie-poncey-les-athee.fr\/index.php?rest_route=\/wp\/v2\/pages\/4396","targetHints":{"allow":["GET"]}}],"collection":[{"href":"https:\/\/www.mairie-poncey-les-athee.fr\/index.php?rest_route=\/wp\/v2\/pages"}],"about":[{"href":"https:\/\/www.mairie-poncey-les-athee.fr\/index.php?rest_route=\/wp\/v2\/types\/page"}],"author":[{"embeddable":true,"href":"https:\/\/www.mairie-poncey-les-athee.fr\/index.php?rest_route=\/wp\/v2\/users\/2"}],"replies":[{"embeddable":true,"href":"https:\/\/www.mairie-poncey-les-athee.fr\/index.php?rest_route=%2Fwp%2Fv2%2Fcomments&post=4396"}],"version-history":[{"count":91,"href":"https:\/\/www.mairie-poncey-les-athee.fr\/index.php?rest_route=\/wp\/v2\/pages\/4396\/revisions"}],"predecessor-version":[{"id":21370,"href":"https:\/\/www.mairie-poncey-les-athee.fr\/index.php?rest_route=\/wp\/v2\/pages\/4396\/revisions\/21370"}],"up":[{"embeddable":true,"href":"https:\/\/www.mairie-poncey-les-athee.fr\/index.php?rest_route=\/wp\/v2\/pages\/22"}],"wp:featuredmedia":[{"embeddable":true,"href":"https:\/\/www.mairie-poncey-les-athee.fr\/index.php?rest_route=\/wp\/v2\/media\/5137"}],"wp:attachment":[{"href":"https:\/\/www.mairie-poncey-les-athee.fr\/index.php?rest_route=%2Fwp%2Fv2%2Fmedia&parent=4396"}],"curies":[{"name":"wp","href":"https:\/\/api.w.org\/{rel}","templated":true}]}}